{"version":"1.0","provider_name":"","provider_url":"https:\/\/modoviajeok.com.ar","author_name":"Mariana Otero","author_url":"https:\/\/modoviajeok.com.ar\/index.php\/author\/mariana2025\/","title":"Colombia: Sembrando paz desde el caf\u00e9 -","type":"rich","width":600,"height":338,"html":"<blockquote class=\"wp-embedded-content\" data-secret=\"yUs3cPlzo8\"><a href=\"https:\/\/modoviajeok.com.ar\/index.php\/2025\/01\/27\/colombia-sembrando-paz-desde-el-cafe\/\">Colombia: Sembrando paz desde el caf\u00e9<\/a><\/blockquote><iframe sandbox=\"allow-scripts\" security=\"restricted\" src=\"https:\/\/modoviajeok.com.ar\/index.php\/2025\/01\/27\/colombia-sembrando-paz-desde-el-cafe\/embed\/#?secret=yUs3cPlzo8\" width=\"600\" height=\"338\" title=\"\u00abColombia: Sembrando paz desde el caf\u00e9\u00bb \u2014 \" data-secret=\"yUs3cPlzo8\" frameborder=\"0\" marginwidth=\"0\" marginheight=\"0\" scrolling=\"no\" class=\"wp-embedded-content\"><\/iframe><script type=\"text\/javascript\">\n\/* <![CDATA[ *\/\n\/*! This file is auto-generated *\/\n!function(d,l){\"use strict\";l.querySelector&&d.addEventListener&&\"undefined\"!=typeof URL&&(d.wp=d.wp||{},d.wp.receiveEmbedMessage||(d.wp.receiveEmbedMessage=function(e){var t=e.data;if((t||t.secret||t.message||t.value)&&!\/[^a-zA-Z0-9]\/.test(t.secret)){for(var s,r,n,a=l.querySelectorAll('iframe[data-secret=\"'+t.secret+'\"]'),o=l.querySelectorAll('blockquote[data-secret=\"'+t.secret+'\"]'),c=new RegExp(\"^https?:$\",\"i\"),i=0;i<o.length;i++)o[i].style.display=\"none\";for(i=0;i<a.length;i++)s=a[i],e.source===s.contentWindow&&(s.removeAttribute(\"style\"),\"height\"===t.message?(1e3<(r=parseInt(t.value,10))?r=1e3:~~r<200&&(r=200),s.height=r):\"link\"===t.message&&(r=new URL(s.getAttribute(\"src\")),n=new URL(t.value),c.test(n.protocol))&&n.host===r.host&&l.activeElement===s&&(d.top.location.href=t.value))}},d.addEventListener(\"message\",d.wp.receiveEmbedMessage,!1),l.addEventListener(\"DOMContentLoaded\",function(){for(var e,t,s=l.querySelectorAll(\"iframe.wp-embedded-content\"),r=0;r<s.length;r++)(t=(e=s[r]).getAttribute(\"data-secret\"))||(t=Math.random().toString(36).substring(2,12),e.src+=\"#?secret=\"+t,e.setAttribute(\"data-secret\",t)),e.contentWindow.postMessage({message:\"ready\",secret:t},\"*\")},!1)))}(window,document);\n\/\/# sourceURL=https:\/\/modoviajeok.com.ar\/wp-includes\/js\/wp-embed.min.js\n\/* ]]> *\/\n<\/script>\n","thumbnail_url":"https:\/\/modoviajeok.com.ar\/wp-content\/uploads\/2025\/01\/WhatsApp-Image-2024-11-06-at-18.53.29.jpeg","thumbnail_width":847,"thumbnail_height":625,"description":"Recorrer&nbsp;lugares de Colombia, convocada por la Organizaci\u00f3n Mundial de Periodismo Tur\u00edstico, junto a colegas del mundo ha sido una experiencia&nbsp;que puso en alerta todos mis sentidos, aunque sab\u00eda previamente que estaba en el segundo pa\u00eds m\u00e1s diverso del mundo, con una multiculturalidad muy rica donde las etnias aportan sus cosmovisiones, as\u00ed como los campesinos y&nbsp;los [&hellip;]"}